{"id":30443,"date":"2023-06-30T02:36:49","date_gmt":"2023-06-30T02:36:49","guid":{"rendered":"https:\/\/www.artestar.eu\/al-por-mayor\/perlas-cultivadas-redondas\/"},"modified":"2023-09-27T02:25:29","modified_gmt":"2023-09-27T02:25:29","slug":"perles-cultivees-rondes","status":"publish","type":"product","link":"https:\/\/www.artestar.eu\/fr\/de-gros\/perles-cultivees-rondes\/","title":{"rendered":"Perles de culture rondes"},"content":{"rendered":"<p>Les perles de culture rondes naturelles sont de diff\u00e9rentes tailles. Vous pouvez donc choisir une ou plusieurs tailles qui vous conviennent le mieux et bricoler pour r\u00e9aliser n\u2019importe quel style d\u2019accessoire de bijoux que vous aimez.<\/p>\n<ul>\n<li>Tailles: 2mm \u2013 3mm \u2013 4mm \u2013 5mm \u2013 6mm \u2013 8mm \u2013 10mm \u2013 12mm.<\/li>\n<li>Perles de culture d\u2019eau douce 100% naturelles de l\u2019hu\u00eetre, qui ont une forme ronde naturelle. Toutes les perles d\u2019eau douce naturelles sont uniques et ont une surface ronde et lisse qui les rend tr\u00e8s confortables \u00e0 porter. Regardez attentivement et vous pouvez \u00e9galement voir la texture distinctive des perles de culture naturelles sur sa surface, ce qui lui donne une touche naturelle et \u00e9l\u00e9gante.<\/li>\n<li>Les perles de culture d\u2019eau douce naturelle sont non seulement fra\u00eeches, confortables et \u00e9l\u00e9gantes, mais aussi polyvalentes. Ces perles en vrac conviennent \u00e0 la fabrication de bijoux tels que des boucles d\u2019oreilles, des colliers, des pendentifs et des bracelets.<\/li>\n<li>Comme les perles sont attach\u00e9es avec du fil, vous n\u2019aurez pas \u00e0 forcer pour les percer. Ils peuvent \u00e9galement \u00eatre utilis\u00e9s avec des cha\u00eenes en acier inoxydable et des perles de pierres pr\u00e9cieuses en cristal pour fabriquer des accessoires pour cheveux, des accessoires vestimentaires, des porte-cl\u00e9s, etc.<\/li>\n<li>Les perles de culture d\u2019eau douce sont d\u2019excellents accessoires pour faire de l\u2019artisanat et feraient un excellent cadeau pour les mariages, les anniversaires, les anniversaires et plus encore.<\/li>\n<li>Toutes les perles de culture naturelles sont uniques. Le produit re\u00e7u peut varier l\u00e9g\u00e8rement en raison des effets de lumi\u00e8re et des param\u00e8tres de l\u2019ordinateur, veuillez lire les tailles des diff\u00e9rents fils de perles avant d\u2019acheter et choisir celui que vous pr\u00e9f\u00e9rez.<\/li>\n<\/ul>\n<p><img decoding=\"async\" class=\"alignnone wp-image-8051 size-full\" src=\"https:\/\/www.artestar.eu%E2%80%8B%E2%80%8B%E2%80%8B%E2%80%8B\/wp-content\/uploads\/2023\/06\/freshwater-cultured-pearls-19.jpg\" alt=\"Perles naturelles rondes de culture\" width=\"600\" height=\"600\" srcset=\"https:\/\/www.artestar.eu\/wp-content\/uploads\/2023\/06\/freshwater-cultured-pearls-19.jpg 600w, https:\/\/www.artestar.eu\/wp-content\/uploads\/2023\/06\/freshwater-cultured-pearls-19-300x300.jpg 300w, https:\/\/www.artestar.eu\/wp-content\/uploads\/2023\/06\/freshwater-cultured-pearls-19-150x150.jpg 150w, https:\/\/www.artestar.eu\/wp-content\/uploads\/2023\/06\/freshwater-cultured-pearls-19-450x450.jpg 450w, https:\/\/www.artestar.eu\/wp-content\/uploads\/2023\/06\/freshwater-cultured-pearls-19-54x54.jpg 54w\" sizes=\"(max-width: 600px) 100vw, 600px\" \/><\/p>\n<h5>Perles de culture rondes naturelles<\/h5>\n<ul>\n<li>Les nacres proviennent de divers types de mollusques marins, tels que les hu\u00eetres.<\/li>\n<li>Si vous essayez d\u2019ouvrir la coquille de l\u2019hu\u00eetre et de regarder de pr\u00e8s sa surface interne, vous verrez qu\u2019elle est l\u00e9g\u00e8rement brillante et \u00e9tincelante. Avec lui, vous pouvez faire de beaux ornements qui attireront beaucoup d\u2019attention.<\/li>\n<\/ul>\n","protected":false},"excerpt":{"rendered":"<p><img decoding=\"async\" class=\"alignnone size-full wp-image-8052\" src=\"https:\/\/www.artestar.eu%E2%80%8B%E2%80%8B%E2%80%8B%E2%80%8B\/wp-content\/uploads\/2023\/06\/pearl-round-beads-size-3.jpg\" alt=\"Perles de culture rondes\" width=\"1000\" height=\"180\" srcset=\"https:\/\/www.artestar.eu\/wp-content\/uploads\/2023\/06\/pearl-round-beads-size-3.jpg 1000w, https:\/\/www.artestar.eu\/wp-content\/uploads\/2023\/06\/pearl-round-beads-size-3-300x54.jpg 300w, https:\/\/www.artestar.eu\/wp-content\/uploads\/2023\/06\/pearl-round-beads-size-3-768x138.jpg 768w, https:\/\/www.artestar.eu\/wp-content\/uploads\/2023\/06\/pearl-round-beads-size-3-600x108.jpg 600w, https:\/\/www.artestar.eu\/wp-content\/uploads\/2023\/06\/pearl-round-beads-size-3-90x16.jpg 90w\" sizes=\"(max-width: 1000px) 100vw, 1000px\" \/>Montant approximatif<\/p>\n<ul>\n<li>Mat\u00e9riel: perles d\u2019eau douce de culture naturelles<\/li>\n<li>Utilis\u00e9 pour fabriquer des colliers, bracelets et autres bijoux<\/li>\n<li>Qu\u2019elles soient port\u00e9es comme bijoux, accessoires de mode ou objets de collection, les perles apportent \u00e9l\u00e9gance et sophistication.<\/li>\n<\/ul>\n","protected":false},"featured_media":19692,"comment_status":"open","ping_status":"closed","template":"","meta":[],"product_cat":[1992,1489,1509],"product_tag":[],"yoast_head":"<!-- This site is optimized with the Yoast SEO Premium plugin v20.5 (Yoast SEO v21.5) - https:\/\/yoast.com\/wordpress\/plugins\/seo\/ -->\n<title>Perles de culture rondes naturelles - Artestar<\/title>\n<meta name=\"description\" content=\"Qu\u2019elles soient port\u00e9es comme bijoux, accessoires de mode ou objets de collection, les perles apportent \u00e9l\u00e9gance et sophistication.\" \/>\n<meta name=\"robots\" content=\"index, follow, max-snippet:-1, max-image-preview:large, max-video-preview:-1\" \/>\n<link rel=\"canonical\" href=\"https:\/\/www.artestar.eu\/fr\/de-gros\/perles-cultivees-rondes\/\" \/>\n<meta property=\"og:locale\" content=\"fr_FR\" \/>\n<meta property=\"og:type\" content=\"article\" \/>\n<meta property=\"og:title\" content=\"Perles de culture rondes\" \/>\n<meta property=\"og:description\" content=\"Qu\u2019elles soient port\u00e9es comme bijoux, accessoires de mode ou objets de collection, les perles apportent \u00e9l\u00e9gance et sophistication.\" \/>\n<meta property=\"og:url\" content=\"https:\/\/www.artestar.eu\/fr\/de-gros\/perles-cultivees-rondes\/\" \/>\n<meta property=\"og:site_name\" content=\"Artestar\" \/>\n<meta property=\"article:publisher\" content=\"https:\/\/www.facebook.com\/ARTESTAREU\" \/>\n<meta property=\"article:modified_time\" content=\"2023-09-27T02:25:29+00:00\" \/>\n<meta property=\"og:image\" content=\"https:\/\/www.artestar.eu\/wp-content\/uploads\/2023\/06\/freshwater-cultured-pearls-20.jpg\" \/>\n\t<meta property=\"og:image:width\" content=\"600\" \/>\n\t<meta property=\"og:image:height\" content=\"600\" \/>\n\t<meta property=\"og:image:type\" content=\"image\/jpeg\" \/>\n<meta name=\"twitter:card\" content=\"summary_large_image\" \/>\n<meta name=\"twitter:label1\" content=\"Availability\" \/>\n\t<meta name=\"twitter:data1\" content=\"En stock\" \/>\n<script type=\"application\/ld+json\" class=\"yoast-schema-graph\">{\"@context\":\"https:\/\/schema.org\",\"@graph\":[{\"@type\":\"WebPage\",\"@id\":\"https:\/\/www.artestar.eu\/fr\/de-gros\/perles-cultivees-rondes\/\",\"url\":\"https:\/\/www.artestar.eu\/fr\/de-gros\/perles-cultivees-rondes\/\",\"name\":\"Perles de culture rondes naturelles - Artestar\",\"isPartOf\":{\"@id\":\"https:\/\/www.artestar.eu\/fr\/#website\"},\"datePublished\":\"2023-06-30T02:36:49+00:00\",\"dateModified\":\"2023-09-27T02:25:29+00:00\",\"description\":\"Qu\u2019elles soient port\u00e9es comme bijoux, accessoires de mode ou objets de collection, les perles apportent \u00e9l\u00e9gance et sophistication.\",\"breadcrumb\":{\"@id\":\"https:\/\/www.artestar.eu\/fr\/de-gros\/perles-cultivees-rondes\/#breadcrumb\"},\"inLanguage\":\"fr-FR\",\"potentialAction\":[{\"@type\":\"ReadAction\",\"target\":[\"https:\/\/www.artestar.eu\/fr\/de-gros\/perles-cultivees-rondes\/\"]}]},{\"@type\":\"BreadcrumbList\",\"@id\":\"https:\/\/www.artestar.eu\/fr\/de-gros\/perles-cultivees-rondes\/#breadcrumb\",\"itemListElement\":[{\"@type\":\"ListItem\",\"position\":1,\"name\":\"Artestar\",\"item\":\"https:\/\/www.artestar.eu\/fr\/\"},{\"@type\":\"ListItem\",\"position\":2,\"name\":\"De gros\",\"item\":\"https:\/\/www.artestar.eu\/fr\/de-gros\/\"},{\"@type\":\"ListItem\",\"position\":3,\"name\":\"Perles de culture rondes\"}]},{\"@type\":\"WebSite\",\"@id\":\"https:\/\/www.artestar.eu\/fr\/#website\",\"url\":\"https:\/\/www.artestar.eu\/fr\/\",\"name\":\"Artestar\",\"description\":\"Mayorista en abalorios y joyer\u00eda\",\"publisher\":{\"@id\":\"https:\/\/www.artestar.eu\/fr\/#organization\"},\"alternateName\":\"Artestar-EU\",\"potentialAction\":[{\"@type\":\"SearchAction\",\"target\":{\"@type\":\"EntryPoint\",\"urlTemplate\":\"https:\/\/www.artestar.eu\/fr\/?s={search_term_string}\"},\"query-input\":\"required name=search_term_string\"}],\"inLanguage\":\"fr-FR\"},{\"@type\":[\"Organization\",\"Place\"],\"@id\":\"https:\/\/www.artestar.eu\/fr\/#organization\",\"name\":\"RUBY ABALORIO S.L.\",\"alternateName\":\"Artestar\",\"url\":\"https:\/\/www.artestar.eu\/fr\/\",\"logo\":{\"@id\":\"https:\/\/www.artestar.eu\/fr\/de-gros\/perles-cultivees-rondes\/#local-main-organization-logo\"},\"image\":{\"@id\":\"https:\/\/www.artestar.eu\/fr\/de-gros\/perles-cultivees-rondes\/#local-main-organization-logo\"},\"sameAs\":[\"https:\/\/www.facebook.com\/ARTESTAREU\",\"https:\/\/www.instagram.com\/artestareu\/\",\"https:\/\/www.pinterest.es\/artestar_eu\/\",\"https:\/\/www.tiktok.com\/@artestar_wholesale\"],\"openingHoursSpecification\":[{\"@type\":\"OpeningHoursSpecification\",\"dayOfWeek\":[\"Monday\",\"Tuesday\",\"Wednesday\",\"Thursday\",\"Friday\",\"Saturday\",\"Sunday\"],\"opens\":\"09:00\",\"closes\":\"17:00\"}]},{\"@type\":\"ImageObject\",\"inLanguage\":\"fr-FR\",\"@id\":\"https:\/\/www.artestar.eu\/fr\/de-gros\/perles-cultivees-rondes\/#local-main-organization-logo\",\"url\":\"https:\/\/www.artestar.eu\/wp-content\/uploads\/2023\/05\/cropped-png.png\",\"contentUrl\":\"https:\/\/www.artestar.eu\/wp-content\/uploads\/2023\/05\/cropped-png.png\",\"width\":512,\"height\":512,\"caption\":\"RUBY ABALORIO S.L.\"}]}<\/script>\n<meta property=\"og:availability\" content=\"instock\" \/>\n<meta property=\"product:availability\" content=\"instock\" \/>\n<meta property=\"product:retailer_item_id\" content=\"ZZ-YZ-0001-0008\" \/>\n<meta property=\"product:condition\" content=\"new\" \/>\n<!-- \/ Yoast SEO Premium plugin. -->","yoast_head_json":{"title":"Perles de culture rondes naturelles - Artestar","description":"Qu\u2019elles soient port\u00e9es comme bijoux, accessoires de mode ou objets de collection, les perles apportent \u00e9l\u00e9gance et sophistication.","robots":{"index":"index","follow":"follow","max-snippet":"max-snippet:-1","max-image-preview":"max-image-preview:large","max-video-preview":"max-video-preview:-1"},"canonical":"https:\/\/www.artestar.eu\/fr\/de-gros\/perles-cultivees-rondes\/","og_locale":"fr_FR","og_type":"article","og_title":"Perles de culture rondes","og_description":"Qu\u2019elles soient port\u00e9es comme bijoux, accessoires de mode ou objets de collection, les perles apportent \u00e9l\u00e9gance et sophistication.","og_url":"https:\/\/www.artestar.eu\/fr\/de-gros\/perles-cultivees-rondes\/","og_site_name":"Artestar","article_publisher":"https:\/\/www.facebook.com\/ARTESTAREU","article_modified_time":"2023-09-27T02:25:29+00:00","og_image":[{"width":600,"height":600,"url":"https:\/\/www.artestar.eu\/wp-content\/uploads\/2023\/06\/freshwater-cultured-pearls-20.jpg","type":"image\/jpeg"}],"twitter_card":"summary_large_image","twitter_misc":{"Availability":"En stock"},"schema":{"@context":"https:\/\/schema.org","@graph":[{"@type":"WebPage","@id":"https:\/\/www.artestar.eu\/fr\/de-gros\/perles-cultivees-rondes\/","url":"https:\/\/www.artestar.eu\/fr\/de-gros\/perles-cultivees-rondes\/","name":"Perles de culture rondes naturelles - Artestar","isPartOf":{"@id":"https:\/\/www.artestar.eu\/fr\/#website"},"datePublished":"2023-06-30T02:36:49+00:00","dateModified":"2023-09-27T02:25:29+00:00","description":"Qu\u2019elles soient port\u00e9es comme bijoux, accessoires de mode ou objets de collection, les perles apportent \u00e9l\u00e9gance et sophistication.","breadcrumb":{"@id":"https:\/\/www.artestar.eu\/fr\/de-gros\/perles-cultivees-rondes\/#breadcrumb"},"inLanguage":"fr-FR","potentialAction":[{"@type":"ReadAction","target":["https:\/\/www.artestar.eu\/fr\/de-gros\/perles-cultivees-rondes\/"]}]},{"@type":"BreadcrumbList","@id":"https:\/\/www.artestar.eu\/fr\/de-gros\/perles-cultivees-rondes\/#breadcrumb","itemListElement":[{"@type":"ListItem","position":1,"name":"Artestar","item":"https:\/\/www.artestar.eu\/fr\/"},{"@type":"ListItem","position":2,"name":"De gros","item":"https:\/\/www.artestar.eu\/fr\/de-gros\/"},{"@type":"ListItem","position":3,"name":"Perles de culture rondes"}]},{"@type":"WebSite","@id":"https:\/\/www.artestar.eu\/fr\/#website","url":"https:\/\/www.artestar.eu\/fr\/","name":"Artestar","description":"Mayorista en abalorios y joyer\u00eda","publisher":{"@id":"https:\/\/www.artestar.eu\/fr\/#organization"},"alternateName":"Artestar-EU","potentialAction":[{"@type":"SearchAction","target":{"@type":"EntryPoint","urlTemplate":"https:\/\/www.artestar.eu\/fr\/?s={search_term_string}"},"query-input":"required name=search_term_string"}],"inLanguage":"fr-FR"},{"@type":["Organization","Place"],"@id":"https:\/\/www.artestar.eu\/fr\/#organization","name":"RUBY ABALORIO S.L.","alternateName":"Artestar","url":"https:\/\/www.artestar.eu\/fr\/","logo":{"@id":"https:\/\/www.artestar.eu\/fr\/de-gros\/perles-cultivees-rondes\/#local-main-organization-logo"},"image":{"@id":"https:\/\/www.artestar.eu\/fr\/de-gros\/perles-cultivees-rondes\/#local-main-organization-logo"},"sameAs":["https:\/\/www.facebook.com\/ARTESTAREU","https:\/\/www.instagram.com\/artestareu\/","https:\/\/www.pinterest.es\/artestar_eu\/","https:\/\/www.tiktok.com\/@artestar_wholesale"],"openingHoursSpecification":[{"@type":"OpeningHoursSpecification","dayOfWeek":["Monday","Tuesday","Wednesday","Thursday","Friday","Saturday","Sunday"],"opens":"09:00","closes":"17:00"}]},{"@type":"ImageObject","inLanguage":"fr-FR","@id":"https:\/\/www.artestar.eu\/fr\/de-gros\/perles-cultivees-rondes\/#local-main-organization-logo","url":"https:\/\/www.artestar.eu\/wp-content\/uploads\/2023\/05\/cropped-png.png","contentUrl":"https:\/\/www.artestar.eu\/wp-content\/uploads\/2023\/05\/cropped-png.png","width":512,"height":512,"caption":"RUBY ABALORIO S.L."}]},"og_availability":"instock","product_availability":"instock","product_retailer_item_id":"ZZ-YZ-0001-0008","product_condition":"new"},"tiered_pricing_type":"fixed","tiered_pricing_fixed_rules":[],"tiered_pricing_percentage_rules":[],"tiered_pricing_minimum":null,"_administrator_tiered_pricing_type":"fixed","_administrator_tiered_pricing_fixed_rules":[],"_editor_tiered_pricing_type":"fixed","_editor_tiered_pricing_fixed_rules":[],"_author_tiered_pricing_type":"fixed","_author_tiered_pricing_fixed_rules":[],"_contributor_tiered_pricing_type":"fixed","_contributor_tiered_pricing_fixed_rules":[],"_subscriber_tiered_pricing_type":"fixed","_subscriber_tiered_pricing_fixed_rules":[],"_wpseo_manager_tiered_pricing_type":"fixed","_wpseo_manager_tiered_pricing_fixed_rules":[],"_wpseo_editor_tiered_pricing_type":"fixed","_wpseo_editor_tiered_pricing_fixed_rules":[],"_customer_tiered_pricing_type":"fixed","_customer_tiered_pricing_fixed_rules":[],"_shop_manager_tiered_pricing_type":"fixed","_shop_manager_tiered_pricing_fixed_rules":[],"_product_manager_tiered_pricing_type":"fixed","_product_manager_tiered_pricing_fixed_rules":[],"_links":{"self":[{"href":"https:\/\/www.artestar.eu\/fr\/wp-json\/wp\/v2\/product\/30443"}],"collection":[{"href":"https:\/\/www.artestar.eu\/fr\/wp-json\/wp\/v2\/product"}],"about":[{"href":"https:\/\/www.artestar.eu\/fr\/wp-json\/wp\/v2\/types\/product"}],"replies":[{"embeddable":true,"href":"https:\/\/www.artestar.eu\/fr\/wp-json\/wp\/v2\/comments?post=30443"}],"version-history":[{"count":2,"href":"https:\/\/www.artestar.eu\/fr\/wp-json\/wp\/v2\/product\/30443\/revisions"}],"predecessor-version":[{"id":35737,"href":"https:\/\/www.artestar.eu\/fr\/wp-json\/wp\/v2\/product\/30443\/revisions\/35737"}],"wp:featuredmedia":[{"embeddable":true,"href":"https:\/\/www.artestar.eu\/fr\/wp-json\/wp\/v2\/media\/19692"}],"wp:attachment":[{"href":"https:\/\/www.artestar.eu\/fr\/wp-json\/wp\/v2\/media?parent=30443"}],"wp:term":[{"taxonomy":"product_cat","embeddable":true,"href":"https:\/\/www.artestar.eu\/fr\/wp-json\/wp\/v2\/product_cat?post=30443"},{"taxonomy":"product_tag","embeddable":true,"href":"https:\/\/www.artestar.eu\/fr\/wp-json\/wp\/v2\/product_tag?post=30443"}],"curies":[{"name":"wp","href":"https:\/\/api.w.org\/{rel}","templated":true}]}}