{"id":25771,"date":"2023-06-10T02:08:54","date_gmt":"2023-06-10T02:08:54","guid":{"rendered":"https:\/\/www.artestar.eu\/al-por-mayor\/amatistas-irregular-cuentas-de-piedra\/"},"modified":"2023-10-20T01:30:31","modified_gmt":"2023-10-20T01:30:31","slug":"amatistas-irregular-cuentas-de-piedra","status":"publish","type":"product","link":"https:\/\/www.artestar.eu\/pt-pt\/atacado\/amatistas-irregular-cuentas-de-piedra\/","title":{"rendered":"Amatistas irregular cuentas de piedra"},"content":{"rendered":"<p>Amatistas irregular cuentas de piedra: 8 &#8211; 12 mm.<\/p>\n<ul>\n<li>Porque cada tal\u00e3o de pedra preciosa \u00e9 feito de materiais naturais puros e tem uma apar\u00eancia \u00fanica.<\/li>\n<li>Porque polidas atrav\u00e9s do processo de polimento, as contas de pedra natural irregulares s\u00e3o lisas e arredondadas, tornando-as muito confort\u00e1veis de usar. Al\u00e9m disso, seu tamanho irregular e textura \u00fanica, juntamente com veios e cores naturais, tornam as contas de pedras preciosas \u00fanicas.<\/li>\n<li>Contas de pedra semipreciosa naturais irregulares podem aliviar o estresse e a ansiedade, transmitir uma mensagem psicol\u00f3gica positiva, uma vis\u00e3o otimista da vida e transmitir a energia do universo para o corpo.<\/li>\n<li>Cada uma dessas lindas contas de pedra solta irregular \u00e9 perfurada e perfeita para rosquear. Basta enfiar um fio de p\u00e9rola atrav\u00e9s dos buracos nas contas e adicion\u00e1-los facilmente aos seus projetos de tric\u00f4 \u2013 divirta-se fazendo artesanato de bijuterias!<\/li>\n<li>Estas delicadas contas perfuradas podem ser combinadas com outros acess\u00f3rios de metal, cristais, p\u00e9rolas, conchas e muito mais para fazer qualquer artesanato, colar, pulseira, brincos, decora\u00e7\u00e3o de casa e muito mais. D\u00ea-o \u00e0 fam\u00edlia e amigos amantes do artesanato. N\u00e3o s\u00f3 \u00e9 um presente perfeito, mas tamb\u00e9m carrega os melhores desejos.<\/li>\n<\/ul>\n<p><img decoding=\"async\" class=\"alignnone size-full wp-image-5926\" src=\"https:\/\/www.artestar.eu%E2%80%8B%E2%80%8B%E2%80%8B%E2%80%8B\/wp-content\/uploads\/2023\/06\/natural-gemstone-1.jpg\" alt=\"Contas de pedra irregulares naturais\" width=\"600\" height=\"600\" srcset=\"https:\/\/www.artestar.eu\/wp-content\/uploads\/2023\/06\/natural-gemstone-1.jpg 600w, https:\/\/www.artestar.eu\/wp-content\/uploads\/2023\/06\/natural-gemstone-1-300x300.jpg 300w, https:\/\/www.artestar.eu\/wp-content\/uploads\/2023\/06\/natural-gemstone-1-150x150.jpg 150w, https:\/\/www.artestar.eu\/wp-content\/uploads\/2023\/06\/natural-gemstone-1-450x450.jpg 450w, https:\/\/www.artestar.eu\/wp-content\/uploads\/2023\/06\/natural-gemstone-1-54x54.jpg 54w\" sizes=\"(max-width: 600px) 100vw, 600px\" \/><\/p>\n<h5>Amatistas irregular cuentas de piedra naturales<\/h5>\n<p><strong>Precau\u00e7\u00e3o:<\/strong><\/p>\n<ul>\n<li>Devido \u00e0s diferen\u00e7as entre monitores e resolu\u00e7\u00f5es, as cores da imagem podem diferir ligeiramente das cores reais.<\/li>\n<li>Devido a fatores como a ilumina\u00e7\u00e3o ou varia\u00e7\u00f5es naturais dos materiais utilizados, o produto pode variar ligeiramente em cor e forma.<\/li>\n<li>As contas de pedra devem ser protegidas da luz solar intensa para evitar danificar a textura e a cor da pedra.<\/li>\n<\/ul>\n<p><strong>Aviso: <\/strong><\/p>\n<ul>\n<li>Crian\u00e7as menores de tr\u00eas anos de idade devem evitar contato, risco de asfixia.<\/li>\n<\/ul>\n","protected":false},"excerpt":{"rendered":"<ul>\n<li>Tamanho: aprox. 8 &#8211; 12 mm, furo: 1 mm<\/li>\n<li>Quantidade: aprox. 30~45pcs. O valor pode variar devido a diferentes tamanhos de conta.<\/li>\n<\/ul>\n","protected":false},"featured_media":14362,"comment_status":"open","ping_status":"closed","template":"","meta":[],"product_cat":[1498,1580,1499],"product_tag":[],"yoast_head":"<!-- This site is optimized with the Yoast SEO Premium plugin v20.5 (Yoast SEO v21.5) - https:\/\/yoast.com\/wordpress\/plugins\/seo\/ -->\n<title>Amatistas irregular cuentas de piedra - Artestar<\/title>\n<meta name=\"description\" content=\"As ametistas t\u00eam sido usadas desde os tempos antigos por suas propriedades curativas e metaf\u00edsicas. Diz-se que \u00e9 uma pedra calmante e para aliviar o stress.\" \/>\n<meta name=\"robots\" content=\"index, follow, max-snippet:-1, max-image-preview:large, max-video-preview:-1\" \/>\n<link rel=\"canonical\" href=\"https:\/\/www.artestar.eu\/pt-pt\/atacado\/amatistas-irregular-cuentas-de-piedra\/\" \/>\n<meta property=\"og:locale\" content=\"pt_PT\" \/>\n<meta property=\"og:type\" content=\"article\" \/>\n<meta property=\"og:title\" content=\"Amatistas irregular cuentas de piedra\" \/>\n<meta property=\"og:description\" content=\"As ametistas t\u00eam sido usadas desde os tempos antigos por suas propriedades curativas e metaf\u00edsicas. Diz-se que \u00e9 uma pedra calmante e para aliviar o stress.\" \/>\n<meta property=\"og:url\" content=\"https:\/\/www.artestar.eu\/pt-pt\/atacado\/amatistas-irregular-cuentas-de-piedra\/\" \/>\n<meta property=\"og:site_name\" content=\"Artestar\" \/>\n<meta property=\"article:publisher\" content=\"https:\/\/www.facebook.com\/ARTESTAREU\" \/>\n<meta property=\"article:modified_time\" content=\"2023-10-20T01:30:31+00:00\" \/>\n<meta property=\"og:image\" content=\"https:\/\/www.artestar.eu\/wp-content\/uploads\/2023\/06\/natural-semi-precious-gemstone-beads-amethysts.jpg\" \/>\n\t<meta property=\"og:image:width\" content=\"600\" \/>\n\t<meta property=\"og:image:height\" content=\"600\" \/>\n\t<meta property=\"og:image:type\" content=\"image\/jpeg\" \/>\n<meta name=\"twitter:card\" content=\"summary_large_image\" \/>\n<meta name=\"twitter:label1\" content=\"pre\u00e7o\" \/>\n\t<meta name=\"twitter:data1\" content=\"1,65&nbsp;&euro; (IVA N\u00c3O inclu\u00eddo)\" \/>\n\t<meta name=\"twitter:label2\" content=\"Availability\" \/>\n\t<meta name=\"twitter:data2\" content=\"Em estoque\" \/>\n<script type=\"application\/ld+json\" class=\"yoast-schema-graph\">{\"@context\":\"https:\/\/schema.org\",\"@graph\":[{\"@type\":\"WebPage\",\"@id\":\"https:\/\/www.artestar.eu\/pt-pt\/atacado\/amatistas-irregular-cuentas-de-piedra\/\",\"url\":\"https:\/\/www.artestar.eu\/pt-pt\/atacado\/amatistas-irregular-cuentas-de-piedra\/\",\"name\":\"Amatistas irregular cuentas de piedra - Artestar\",\"isPartOf\":{\"@id\":\"https:\/\/www.artestar.eu\/pt-pt\/#website\"},\"datePublished\":\"2023-06-10T02:08:54+00:00\",\"dateModified\":\"2023-10-20T01:30:31+00:00\",\"description\":\"As ametistas t\u00eam sido usadas desde os tempos antigos por suas propriedades curativas e metaf\u00edsicas. Diz-se que \u00e9 uma pedra calmante e para aliviar o stress.\",\"breadcrumb\":{\"@id\":\"https:\/\/www.artestar.eu\/pt-pt\/atacado\/amatistas-irregular-cuentas-de-piedra\/#breadcrumb\"},\"inLanguage\":\"pt-PT\",\"potentialAction\":[{\"@type\":\"ReadAction\",\"target\":[\"https:\/\/www.artestar.eu\/pt-pt\/atacado\/amatistas-irregular-cuentas-de-piedra\/\"]}]},{\"@type\":\"BreadcrumbList\",\"@id\":\"https:\/\/www.artestar.eu\/pt-pt\/atacado\/amatistas-irregular-cuentas-de-piedra\/#breadcrumb\",\"itemListElement\":[{\"@type\":\"ListItem\",\"position\":1,\"name\":\"Artestar\",\"item\":\"https:\/\/www.artestar.eu\/pt-pt\/\"},{\"@type\":\"ListItem\",\"position\":2,\"name\":\"Atacado\",\"item\":\"https:\/\/www.artestar.eu\/pt-pt\/atacado\/\"},{\"@type\":\"ListItem\",\"position\":3,\"name\":\"Amatistas irregular cuentas de piedra\"}]},{\"@type\":\"WebSite\",\"@id\":\"https:\/\/www.artestar.eu\/pt-pt\/#website\",\"url\":\"https:\/\/www.artestar.eu\/pt-pt\/\",\"name\":\"Artestar\",\"description\":\"Mayorista en abalorios y joyer\u00eda\",\"publisher\":{\"@id\":\"https:\/\/www.artestar.eu\/pt-pt\/#organization\"},\"alternateName\":\"Artestar-EU\",\"potentialAction\":[{\"@type\":\"SearchAction\",\"target\":{\"@type\":\"EntryPoint\",\"urlTemplate\":\"https:\/\/www.artestar.eu\/pt-pt\/?s={search_term_string}\"},\"query-input\":\"required name=search_term_string\"}],\"inLanguage\":\"pt-PT\"},{\"@type\":[\"Organization\",\"Place\"],\"@id\":\"https:\/\/www.artestar.eu\/pt-pt\/#organization\",\"name\":\"RUBY ABALORIO S.L.\",\"alternateName\":\"Artestar\",\"url\":\"https:\/\/www.artestar.eu\/pt-pt\/\",\"logo\":{\"@id\":\"https:\/\/www.artestar.eu\/pt-pt\/atacado\/amatistas-irregular-cuentas-de-piedra\/#local-main-organization-logo\"},\"image\":{\"@id\":\"https:\/\/www.artestar.eu\/pt-pt\/atacado\/amatistas-irregular-cuentas-de-piedra\/#local-main-organization-logo\"},\"sameAs\":[\"https:\/\/www.facebook.com\/ARTESTAREU\",\"https:\/\/www.instagram.com\/artestareu\/\",\"https:\/\/www.pinterest.es\/artestar_eu\/\",\"https:\/\/www.tiktok.com\/@artestar_wholesale\"],\"openingHoursSpecification\":[{\"@type\":\"OpeningHoursSpecification\",\"dayOfWeek\":[\"Monday\",\"Tuesday\",\"Wednesday\",\"Thursday\",\"Friday\",\"Saturday\",\"Sunday\"],\"opens\":\"09:00\",\"closes\":\"17:00\"}]},{\"@type\":\"ImageObject\",\"inLanguage\":\"pt-PT\",\"@id\":\"https:\/\/www.artestar.eu\/pt-pt\/atacado\/amatistas-irregular-cuentas-de-piedra\/#local-main-organization-logo\",\"url\":\"https:\/\/www.artestar.eu\/wp-content\/uploads\/2023\/05\/cropped-png.png\",\"contentUrl\":\"https:\/\/www.artestar.eu\/wp-content\/uploads\/2023\/05\/cropped-png.png\",\"width\":512,\"height\":512,\"caption\":\"RUBY ABALORIO S.L.\"}]}<\/script>\n<meta property=\"product:price:amount\" content=\"1.65\" \/>\n<meta property=\"product:price:currency\" content=\"EUR\" \/>\n<meta property=\"og:availability\" content=\"instock\" \/>\n<meta property=\"product:availability\" content=\"instock\" \/>\n<meta property=\"product:retailer_item_id\" content=\"BS-YZ-SX0006\" \/>\n<meta property=\"product:condition\" content=\"new\" \/>\n<!-- \/ Yoast SEO Premium plugin. -->","yoast_head_json":{"title":"Amatistas irregular cuentas de piedra - Artestar","description":"As ametistas t\u00eam sido usadas desde os tempos antigos por suas propriedades curativas e metaf\u00edsicas. Diz-se que \u00e9 uma pedra calmante e para aliviar o stress.","robots":{"index":"index","follow":"follow","max-snippet":"max-snippet:-1","max-image-preview":"max-image-preview:large","max-video-preview":"max-video-preview:-1"},"canonical":"https:\/\/www.artestar.eu\/pt-pt\/atacado\/amatistas-irregular-cuentas-de-piedra\/","og_locale":"pt_PT","og_type":"article","og_title":"Amatistas irregular cuentas de piedra","og_description":"As ametistas t\u00eam sido usadas desde os tempos antigos por suas propriedades curativas e metaf\u00edsicas. Diz-se que \u00e9 uma pedra calmante e para aliviar o stress.","og_url":"https:\/\/www.artestar.eu\/pt-pt\/atacado\/amatistas-irregular-cuentas-de-piedra\/","og_site_name":"Artestar","article_publisher":"https:\/\/www.facebook.com\/ARTESTAREU","article_modified_time":"2023-10-20T01:30:31+00:00","og_image":[{"width":600,"height":600,"url":"https:\/\/www.artestar.eu\/wp-content\/uploads\/2023\/06\/natural-semi-precious-gemstone-beads-amethysts.jpg","type":"image\/jpeg"}],"twitter_card":"summary_large_image","twitter_misc":{"pre\u00e7o":"1,65&nbsp;&euro; (IVA N\u00c3O inclu\u00eddo)","Availability":"Em estoque"},"schema":{"@context":"https:\/\/schema.org","@graph":[{"@type":"WebPage","@id":"https:\/\/www.artestar.eu\/pt-pt\/atacado\/amatistas-irregular-cuentas-de-piedra\/","url":"https:\/\/www.artestar.eu\/pt-pt\/atacado\/amatistas-irregular-cuentas-de-piedra\/","name":"Amatistas irregular cuentas de piedra - Artestar","isPartOf":{"@id":"https:\/\/www.artestar.eu\/pt-pt\/#website"},"datePublished":"2023-06-10T02:08:54+00:00","dateModified":"2023-10-20T01:30:31+00:00","description":"As ametistas t\u00eam sido usadas desde os tempos antigos por suas propriedades curativas e metaf\u00edsicas. Diz-se que \u00e9 uma pedra calmante e para aliviar o stress.","breadcrumb":{"@id":"https:\/\/www.artestar.eu\/pt-pt\/atacado\/amatistas-irregular-cuentas-de-piedra\/#breadcrumb"},"inLanguage":"pt-PT","potentialAction":[{"@type":"ReadAction","target":["https:\/\/www.artestar.eu\/pt-pt\/atacado\/amatistas-irregular-cuentas-de-piedra\/"]}]},{"@type":"BreadcrumbList","@id":"https:\/\/www.artestar.eu\/pt-pt\/atacado\/amatistas-irregular-cuentas-de-piedra\/#breadcrumb","itemListElement":[{"@type":"ListItem","position":1,"name":"Artestar","item":"https:\/\/www.artestar.eu\/pt-pt\/"},{"@type":"ListItem","position":2,"name":"Atacado","item":"https:\/\/www.artestar.eu\/pt-pt\/atacado\/"},{"@type":"ListItem","position":3,"name":"Amatistas irregular cuentas de piedra"}]},{"@type":"WebSite","@id":"https:\/\/www.artestar.eu\/pt-pt\/#website","url":"https:\/\/www.artestar.eu\/pt-pt\/","name":"Artestar","description":"Mayorista en abalorios y joyer\u00eda","publisher":{"@id":"https:\/\/www.artestar.eu\/pt-pt\/#organization"},"alternateName":"Artestar-EU","potentialAction":[{"@type":"SearchAction","target":{"@type":"EntryPoint","urlTemplate":"https:\/\/www.artestar.eu\/pt-pt\/?s={search_term_string}"},"query-input":"required name=search_term_string"}],"inLanguage":"pt-PT"},{"@type":["Organization","Place"],"@id":"https:\/\/www.artestar.eu\/pt-pt\/#organization","name":"RUBY ABALORIO S.L.","alternateName":"Artestar","url":"https:\/\/www.artestar.eu\/pt-pt\/","logo":{"@id":"https:\/\/www.artestar.eu\/pt-pt\/atacado\/amatistas-irregular-cuentas-de-piedra\/#local-main-organization-logo"},"image":{"@id":"https:\/\/www.artestar.eu\/pt-pt\/atacado\/amatistas-irregular-cuentas-de-piedra\/#local-main-organization-logo"},"sameAs":["https:\/\/www.facebook.com\/ARTESTAREU","https:\/\/www.instagram.com\/artestareu\/","https:\/\/www.pinterest.es\/artestar_eu\/","https:\/\/www.tiktok.com\/@artestar_wholesale"],"openingHoursSpecification":[{"@type":"OpeningHoursSpecification","dayOfWeek":["Monday","Tuesday","Wednesday","Thursday","Friday","Saturday","Sunday"],"opens":"09:00","closes":"17:00"}]},{"@type":"ImageObject","inLanguage":"pt-PT","@id":"https:\/\/www.artestar.eu\/pt-pt\/atacado\/amatistas-irregular-cuentas-de-piedra\/#local-main-organization-logo","url":"https:\/\/www.artestar.eu\/wp-content\/uploads\/2023\/05\/cropped-png.png","contentUrl":"https:\/\/www.artestar.eu\/wp-content\/uploads\/2023\/05\/cropped-png.png","width":512,"height":512,"caption":"RUBY ABALORIO S.L."}]},"product_price_amount":"1.65","product_price_currency":"EUR","og_availability":"instock","product_availability":"instock","product_retailer_item_id":"BS-YZ-SX0006","product_condition":"new"},"tiered_pricing_type":"percentage","tiered_pricing_fixed_rules":{"10":"10"},"tiered_pricing_percentage_rules":[],"tiered_pricing_minimum":null,"_administrator_tiered_pricing_type":"fixed","_administrator_tiered_pricing_fixed_rules":[],"_editor_tiered_pricing_type":"fixed","_editor_tiered_pricing_fixed_rules":[],"_author_tiered_pricing_type":"fixed","_author_tiered_pricing_fixed_rules":[],"_contributor_tiered_pricing_type":"fixed","_contributor_tiered_pricing_fixed_rules":[],"_subscriber_tiered_pricing_type":"fixed","_subscriber_tiered_pricing_fixed_rules":[],"_wpseo_manager_tiered_pricing_type":"fixed","_wpseo_manager_tiered_pricing_fixed_rules":[],"_wpseo_editor_tiered_pricing_type":"fixed","_wpseo_editor_tiered_pricing_fixed_rules":[],"_customer_tiered_pricing_type":"fixed","_customer_tiered_pricing_fixed_rules":[],"_shop_manager_tiered_pricing_type":"fixed","_shop_manager_tiered_pricing_fixed_rules":[],"_product_manager_tiered_pricing_type":"fixed","_product_manager_tiered_pricing_fixed_rules":[],"_links":{"self":[{"href":"https:\/\/www.artestar.eu\/pt-pt\/wp-json\/wp\/v2\/product\/25771"}],"collection":[{"href":"https:\/\/www.artestar.eu\/pt-pt\/wp-json\/wp\/v2\/product"}],"about":[{"href":"https:\/\/www.artestar.eu\/pt-pt\/wp-json\/wp\/v2\/types\/product"}],"replies":[{"embeddable":true,"href":"https:\/\/www.artestar.eu\/pt-pt\/wp-json\/wp\/v2\/comments?post=25771"}],"version-history":[{"count":1,"href":"https:\/\/www.artestar.eu\/pt-pt\/wp-json\/wp\/v2\/product\/25771\/revisions"}],"predecessor-version":[{"id":36906,"href":"https:\/\/www.artestar.eu\/pt-pt\/wp-json\/wp\/v2\/product\/25771\/revisions\/36906"}],"wp:featuredmedia":[{"embeddable":true,"href":"https:\/\/www.artestar.eu\/pt-pt\/wp-json\/wp\/v2\/media\/14362"}],"wp:attachment":[{"href":"https:\/\/www.artestar.eu\/pt-pt\/wp-json\/wp\/v2\/media?parent=25771"}],"wp:term":[{"taxonomy":"product_cat","embeddable":true,"href":"https:\/\/www.artestar.eu\/pt-pt\/wp-json\/wp\/v2\/product_cat?post=25771"},{"taxonomy":"product_tag","embeddable":true,"href":"https:\/\/www.artestar.eu\/pt-pt\/wp-json\/wp\/v2\/product_tag?post=25771"}],"curies":[{"name":"wp","href":"https:\/\/api.w.org\/{rel}","templated":true}]}}